{"version":"1.0","provider_name":"Biennal de Fotografia Xavier Miserachs","provider_url":"https:\/\/biennalxmiserachs.org\/fr\/","author_name":"business@2mundoweb.com","author_url":"https:\/\/biennalxmiserachs.org\/fr\/author\/business2mundoweb-com\/","title":"Qui sommes-nous - Biennal de Fotografia Xavier Miserachs","type":"rich","width":600,"height":338,"html":"<blockquote class=\"wp-embedded-content\" data-secret=\"0iBOsrY7WZ\"><a href=\"https:\/\/biennalxmiserachs.org\/fr\/qui-sommes-nous\/\">Qui sommes-nous<\/a><\/blockquote><iframe sandbox=\"allow-scripts\" security=\"restricted\" src=\"https:\/\/biennalxmiserachs.org\/fr\/qui-sommes-nous\/embed\/#?secret=0iBOsrY7WZ\" width=\"600\" height=\"338\" title=\"\u00ab\u00a0Qui sommes-nous\u00a0\u00bb &#8212; Biennal de Fotografia Xavier Miserachs\" data-secret=\"0iBOsrY7WZ\" frameborder=\"0\" marginwidth=\"0\" marginheight=\"0\" scrolling=\"no\" class=\"wp-embedded-content\"><\/iframe><script>\n\/*! This file is auto-generated *\/\n!function(d,l){\"use strict\";l.querySelector&&d.addEventListener&&\"undefined\"!=typeof URL&&(d.wp=d.wp||{},d.wp.receiveEmbedMessage||(d.wp.receiveEmbedMessage=function(e){var t=e.data;if((t||t.secret||t.message||t.value)&&!\/[^a-zA-Z0-9]\/.test(t.secret)){for(var s,r,n,a=l.querySelectorAll('iframe[data-secret=\"'+t.secret+'\"]'),o=l.querySelectorAll('blockquote[data-secret=\"'+t.secret+'\"]'),c=new RegExp(\"^https?:$\",\"i\"),i=0;i<o.length;i++)o[i].style.display=\"none\";for(i=0;i<a.length;i++)s=a[i],e.source===s.contentWindow&&(s.removeAttribute(\"style\"),\"height\"===t.message?(1e3<(r=parseInt(t.value,10))?r=1e3:~~r<200&&(r=200),s.height=r):\"link\"===t.message&&(r=new URL(s.getAttribute(\"src\")),n=new URL(t.value),c.test(n.protocol))&&n.host===r.host&&l.activeElement===s&&(d.top.location.href=t.value))}},d.addEventListener(\"message\",d.wp.receiveEmbedMessage,!1),l.addEventListener(\"DOMContentLoaded\",function(){for(var e,t,s=l.querySelectorAll(\"iframe.wp-embedded-content\"),r=0;r<s.length;r++)(t=(e=s[r]).getAttribute(\"data-secret\"))||(t=Math.random().toString(36).substring(2,12),e.src+=\"#?secret=\"+t,e.setAttribute(\"data-secret\",t)),e.contentWindow.postMessage({message:\"ready\",secret:t},\"*\")},!1)))}(window,document);\n<\/script>\n","description":"Biennal de Fotografia Xavier Miserachs Le 14 ao\u00fbt 1998, le c\u00e9l\u00e8bre photographe Xavier Miserachs d\u00e9c\u00e8de pr\u00e9matur\u00e9ment. \u00c9troitement li\u00e9 \u00e0 l\u2019Empord\u00e0 depuis les ann\u00e9es 1960, lorsqu\u2019il r\u00e9alisa plusieurs reportages sur un tourisme, alors naissant, qui finirait par transformer la soci\u00e9t\u00e9 et le paysage de la zone, Xavier Miserachs (Barcelone, 1937-1998) tissa un lien avec notre r\u00e9gion [&hellip;]","thumbnail_url":"https:\/\/biennalxmiserachs.org\/wp-content\/uploads\/2025\/07\/xavier-miserachs.jpg","thumbnail_width":500,"thumbnail_height":727}