{"id":4406,"date":"2025-09-01T21:38:21","date_gmt":"2025-09-01T21:38:21","guid":{"rendered":"https:\/\/biennalxmiserachs.org\/qui-sommes-nous\/"},"modified":"2025-10-22T12:05:46","modified_gmt":"2025-10-22T12:05:46","slug":"qui-sommes-nous","status":"publish","type":"page","link":"https:\/\/biennalxmiserachs.org\/fr\/qui-sommes-nous\/","title":{"rendered":"Qui sommes-nous"},"content":{"rendered":"\t\t<div data-elementor-type=\"wp-post\" data-elementor-id=\"4406\" class=\"elementor elementor-4406 elementor-4364\" data-elementor-post-type=\"page\">\n\t\t\t\t<div class=\"elementor-element elementor-element-7ad25cf e-flex e-con-boxed e-con e-parent\" data-id=\"7ad25cf\" data-element_type=\"container\" data-e-type=\"container\" data-settings=\"{&quot;background_background&quot;:&quot;classic&quot;}\">\n\t\t\t\t\t<div class=\"e-con-inner\">\n\t\t<div class=\"elementor-element elementor-element-6dca5b8 e-con-full e-flex e-con e-child\" data-id=\"6dca5b8\" data-element_type=\"container\" data-e-type=\"container\">\n\t\t\t\t<\/div>\n\t\t<div class=\"elementor-element elementor-element-6aa7bb0 e-con-full e-flex e-con e-child\" data-id=\"6aa7bb0\" data-element_type=\"container\" data-e-type=\"container\">\n\t\t\t\t<\/div>\n\t\t\t\t\t<\/div>\n\t\t\t\t<\/div>\n\t\t<div class=\"elementor-element elementor-element-f3ac2ae e-flex e-con-boxed e-con e-parent\" data-id=\"f3ac2ae\" data-element_type=\"container\" data-e-type=\"container\">\n\t\t\t\t\t<div class=\"e-con-inner\">\n\t\t\t\t<div class=\"elementor-element elementor-element-18819d5 uael-heading-align-left uael-mobile-heading-align-center elementor-widget elementor-widget-uael-advanced-heading\" data-id=\"18819d5\" data-element_type=\"widget\" data-e-type=\"widget\" data-widget_type=\"uael-advanced-heading.default\">\n\t\t\t\t<div class=\"elementor-widget-container\">\n\t\t\t\t\t\n\t\t<div class=\"uael-module-content uael-heading-wrapper\">\n\t\t\t\t\t\t\n\t\t\t<h2 class=\"uael-heading\">\n\t\t\t\t\t\t\t\t\t\t<span class=\"uael-heading-text elementor-inline-editing uael-size--default\" data-elementor-setting-key=\"heading_title\" data-elementor-inline-editing-toolbar=\"basic\">Biennal de Fotografia Xavier Miserachs<\/span>\n\t\t\t\t\t\t\t<\/h2>\n\n\t\t\t\n\t\t\t\n\t\t\t\n\t\t\t\t\t\t<\/div>\n\t\t\t\t\t\t<\/div>\n\t\t\t\t<\/div>\n\t\t\t\t\t<\/div>\n\t\t\t\t<\/div>\n\t\t<div class=\"elementor-element elementor-element-accaa0c e-flex e-con-boxed e-con e-parent\" data-id=\"accaa0c\" data-element_type=\"container\" data-e-type=\"container\" data-settings=\"{&quot;background_background&quot;:&quot;classic&quot;}\">\n\t\t\t\t\t<div class=\"e-con-inner\">\n\t\t<div class=\"elementor-element elementor-element-1df10fc e-con-full e-flex e-con e-child\" data-id=\"1df10fc\" data-element_type=\"container\" data-e-type=\"container\">\n\t\t\t\t<div class=\"elementor-element elementor-element-0450ac0 elementor-widget elementor-widget-text-editor\" data-id=\"0450ac0\" data-element_type=\"widget\" data-e-type=\"widget\" data-widget_type=\"text-editor.default\">\n\t\t\t\t<div class=\"elementor-widget-container\">\n\t\t\t\t\t\t\t\t\t<p>Le 14 ao\u00fbt 1998, le c\u00e9l\u00e8bre photographe Xavier Miserachs d\u00e9c\u00e8de pr\u00e9matur\u00e9ment.<\/p><p style=\"font-weight: 400;\">\u00c9troitement li\u00e9 \u00e0 l\u2019Empord\u00e0 depuis les ann\u00e9es 1960, lorsqu\u2019il r\u00e9alisa plusieurs reportages sur un tourisme, alors naissant, qui finirait par transformer la soci\u00e9t\u00e9 et le paysage de la zone, Xavier Miserachs (Barcelone, 1937-1998) tissa un lien avec notre r\u00e9gion qui allait bien au-del\u00e0 du professionnel gr\u00e2ce \u00e0 son caract\u00e8re ouvert, aimable et curieux. Apr\u00e8s plusieurs s\u00e9jours continus, il s\u2019installa \u00e0 Esclany\u00e0 dans les ann\u00e9es 1980 et, anim\u00e9 par une curiosit\u00e9 inn\u00e9e, il participa activement \u00e0 la vie culturelle de Palafrugell, o\u00f9 il trouva des collaborateurs et des amis fid\u00e8les. <\/p><p style=\"font-weight: 400;\">Un an apr\u00e8s sa mort, ces amis lui rendirent un hommage qui inaugura la 1\u00e8re \u00e9dition de la Biennal de Fotografia Xavier Miserachs.<\/p><p style=\"font-weight: 400;\">Au fil des diff\u00e9rentes \u00e9ditions, la Biennal de Fotografia Xavier Miserachs pr\u00e9sente des oeuvres de l\u2019auteur mis \u00e0 l\u2019honneur, d\u2019autres photographes de sa g\u00e9n\u00e9ration, de personnalit\u00e9s de renomm\u00e9e internationale qui les ont influenc\u00e9s et d\u2019autres plus jeunes qui abordent la photographie comme une mani\u00e8re de vivre. En parall\u00e8le, elle m\u00e8ne \u00e0 bien un important travail de r\u00e9cup\u00e9ration d\u2019archives m\u00e9connues, pr\u00e9cieuses pour leur valeur artistique, patrimoniale et historique. <\/p><p style=\"font-weight: 400;\">Promouvoir la photographie en tant que forme d\u2019expression artistique et culturelle aupr\u00e8s du grand public ; diffuser notre important h\u00e9ritage photographique, pass\u00e9 et pr\u00e9sent ; soutenir les jeunes photographes ; <span lang=\"CA\">sortir de l\u2019anonymat le travail d\u2019auteurs locaux<\/span>, amateurs ou professionnels, qui ont document\u00e9 la vie de notre pays, et contribuer \u00e0 l\u2019\u00e9ducation visuelle des jeunes et des moins jeunes, sont les objectifs fondamentaux de la Biennal de Fotografia Xavier Miserachs.<\/p><p style=\"font-weight: 400;\">La collaboration active de diff\u00e9rentes institutions culturelles de Palafrugell, archives photographiques, fondations, mus\u00e9es et autres organismes d\u00e9di\u00e9s \u00e0 la photographie, ainsi que le soutien de la Mairie de Palafrugell, de la Fondation Banc Sabadell, du Gouvernement de la Catalogne et de la Diputaci\u00f3 de G\u00e9rone sont essentiels pour atteindre ces objectifs.<\/p><p style=\"font-weight: 400;\">Le nombre croissant de visiteurs, sa projection toujours plus large et sa grande r\u00e9percussion ont fait de la Biennal de Fotografia Xavier Miserachs un festival de r\u00e9f\u00e9rence, devenu l\u2019un des plus anciens et des plus consolid\u00e9s de Catalogne.<\/p>\t\t\t\t\t\t\t\t<\/div>\n\t\t\t\t<\/div>\n\t\t\t\t<\/div>\n\t\t<div class=\"elementor-element elementor-element-2030b27 e-con-full e-flex e-con e-child\" data-id=\"2030b27\" data-element_type=\"container\" data-e-type=\"container\">\n\t\t\t\t<div class=\"elementor-element elementor-element-f74ce64 elementor-widget elementor-widget-image\" data-id=\"f74ce64\" data-element_type=\"widget\" data-e-type=\"widget\" data-widget_type=\"image.default\">\n\t\t\t\t<div class=\"elementor-widget-container\">\n\t\t\t\t\t\t\t\t\t\t\t\t\t\t\t<img fetchpriority=\"high\" decoding=\"async\" width=\"500\" height=\"727\" src=\"https:\/\/biennalxmiserachs.org\/wp-content\/uploads\/2025\/07\/xavier-miserachs.jpg\" class=\"attachment-large size-large wp-image-3844\" alt=\"\" srcset=\"https:\/\/biennalxmiserachs.org\/wp-content\/uploads\/2025\/07\/xavier-miserachs.jpg 500w, https:\/\/biennalxmiserachs.org\/wp-content\/uploads\/2025\/07\/xavier-miserachs-206x300.jpg 206w\" sizes=\"(max-width: 500px) 100vw, 500px\" \/>\t\t\t\t\t\t\t\t\t\t\t\t\t\t\t<\/div>\n\t\t\t\t<\/div>\n\t\t\t\t<div class=\"elementor-element elementor-element-a3e7803 elementor-widget elementor-widget-text-editor\" data-id=\"a3e7803\" data-element_type=\"widget\" data-e-type=\"widget\" data-widget_type=\"text-editor.default\">\n\t\t\t\t<div class=\"elementor-widget-container\">\n\t\t\t\t\t\t\t\t\t<p><span lang=\"CA\">Xavier Miserachs. Autoportrait. Rue Tuset. Barcelone, ca. 1960 \u00a9 H\u00e9riti\u00e8res Xavier Miserachs   <\/span><\/p>\t\t\t\t\t\t\t\t<\/div>\n\t\t\t\t<\/div>\n\t\t\t\t<\/div>\n\t\t\t\t\t<\/div>\n\t\t\t\t<\/div>\n\t\t<div class=\"elementor-element elementor-element-d06d707 e-flex e-con-boxed e-con e-parent\" data-id=\"d06d707\" data-element_type=\"container\" data-e-type=\"container\" data-settings=\"{&quot;background_background&quot;:&quot;classic&quot;}\">\n\t\t\t\t\t<div class=\"e-con-inner\">\n\t\t<div class=\"elementor-element elementor-element-1f24f68 e-con-full e-flex e-con e-child\" data-id=\"1f24f68\" data-element_type=\"container\" data-e-type=\"container\">\n\t\t\t\t<\/div>\n\t\t\t\t\t<\/div>\n\t\t\t\t<\/div>\n\t\t\t\t<\/div>\n\t\t","protected":false},"excerpt":{"rendered":"<p>Biennal de Fotografia Xavier Miserachs Le 14 ao\u00fbt 1998, le c\u00e9l\u00e8bre photographe Xavier Miserachs d\u00e9c\u00e8de pr\u00e9matur\u00e9ment. \u00c9troitement li\u00e9 \u00e0 l\u2019Empord\u00e0 depuis les ann\u00e9es 1960, lorsqu\u2019il r\u00e9alisa plusieurs reportages sur un tourisme, alors naissant, qui finirait par transformer la soci\u00e9t\u00e9 et le paysage de la zone, Xavier Miserachs (Barcelone, 1937-1998) tissa un lien avec notre r\u00e9gion [&hellip;]<\/p>\n","protected":false},"author":1,"featured_media":0,"parent":0,"menu_order":0,"comment_status":"closed","ping_status":"closed","template":"","meta":{"site-sidebar-layout":"no-sidebar","site-content-layout":"page-builder","ast-site-content-layout":"default","site-content-style":"default","site-sidebar-style":"default","ast-global-header-display":"","ast-banner-title-visibility":"","ast-main-header-display":"","ast-hfb-above-header-display":"","ast-hfb-below-header-display":"","ast-hfb-mobile-header-display":"","site-post-title":"disabled","ast-breadcrumbs-content":"","ast-featured-img":"disabled","footer-sml-layout":"","ast-disable-related-posts":"","theme-transparent-header-meta":"default","adv-header-id-meta":"","stick-header-meta":"default","header-above-stick-meta":"","header-main-stick-meta":"","header-below-stick-meta":"","astra-migrate-meta-layouts":"default","ast-page-background-enabled":"default","ast-page-background-meta":{"desktop":{"background-color":"","background-image":"","background-repeat":"repeat","background-position":"center center","background-size":"auto","background-attachment":"scroll","background-type":"","background-media":"","overlay-type":"","overlay-color":"","overlay-opacity":"","overlay-gradient":""},"tablet":{"background-color":"","background-image":"","background-repeat":"repeat","background-position":"center center","background-size":"auto","background-attachment":"scroll","background-type":"","background-media":"","overlay-type":"","overlay-color":"","overlay-opacity":"","overlay-gradient":""},"mobile":{"background-color":"","background-image":"","background-repeat":"repeat","background-position":"center center","background-size":"auto","background-attachment":"scroll","background-type":"","background-media":"","overlay-type":"","overlay-color":"","overlay-opacity":"","overlay-gradient":""}},"ast-content-background-meta":{"desktop":{"background-color":"var(--ast-global-color-5)","background-image":"","background-repeat":"repeat","background-position":"center center","background-size":"auto","background-attachment":"scroll","background-type":"","background-media":"","overlay-type":"","overlay-color":"","overlay-opacity":"","overlay-gradient":""},"tablet":{"background-color":"var(--ast-global-color-5)","background-image":"","background-repeat":"repeat","background-position":"center center","background-size":"auto","background-attachment":"scroll","background-type":"","background-media":"","overlay-type":"","overlay-color":"","overlay-opacity":"","overlay-gradient":""},"mobile":{"background-color":"var(--ast-global-color-5)","background-image":"","background-repeat":"repeat","background-position":"center center","background-size":"auto","background-attachment":"scroll","background-type":"","background-media":"","overlay-type":"","overlay-color":"","overlay-opacity":"","overlay-gradient":""}},"footnotes":""},"class_list":["post-4406","page","type-page","status-publish","hentry"],"yoast_head":"<!-- This site is optimized with the Yoast SEO plugin v27.4 - https:\/\/yoast.com\/product\/yoast-seo-wordpress\/ -->\n<title>Qui sommes-nous - Biennal de Fotografia Xavier Miserachs<\/title>\n<meta name=\"robots\" content=\"index, follow, max-snippet:-1, max-image-preview:large, max-video-preview:-1\" \/>\n<link rel=\"canonical\" href=\"https:\/\/biennalxmiserachs.org\/fr\/qui-sommes-nous\/\" \/>\n<meta property=\"og:locale\" content=\"fr_FR\" \/>\n<meta property=\"og:type\" content=\"article\" \/>\n<meta property=\"og:title\" content=\"Qui sommes-nous - Biennal de Fotografia Xavier Miserachs\" \/>\n<meta property=\"og:description\" content=\"Biennal de Fotografia Xavier Miserachs Le 14 ao\u00fbt 1998, le c\u00e9l\u00e8bre photographe Xavier Miserachs d\u00e9c\u00e8de pr\u00e9matur\u00e9ment. \u00c9troitement li\u00e9 \u00e0 l\u2019Empord\u00e0 depuis les ann\u00e9es 1960, lorsqu\u2019il r\u00e9alisa plusieurs reportages sur un tourisme, alors naissant, qui finirait par transformer la soci\u00e9t\u00e9 et le paysage de la zone, Xavier Miserachs (Barcelone, 1937-1998) tissa un lien avec notre r\u00e9gion [&hellip;]\" \/>\n<meta property=\"og:url\" content=\"https:\/\/biennalxmiserachs.org\/fr\/qui-sommes-nous\/\" \/>\n<meta property=\"og:site_name\" content=\"Biennal de Fotografia Xavier Miserachs\" \/>\n<meta property=\"article:publisher\" content=\"https:\/\/www.facebook.com\/biennalfotografiaxaviermiserachs\/\" \/>\n<meta property=\"article:modified_time\" content=\"2025-10-22T12:05:46+00:00\" \/>\n<meta property=\"og:image\" content=\"https:\/\/biennalxmiserachs.org\/wp-content\/uploads\/2025\/07\/xavier-miserachs.jpg\" \/>\n\t<meta property=\"og:image:width\" content=\"500\" \/>\n\t<meta property=\"og:image:height\" content=\"727\" \/>\n\t<meta property=\"og:image:type\" content=\"image\/jpeg\" \/>\n<meta name=\"twitter:card\" content=\"summary_large_image\" \/>\n<meta name=\"twitter:label1\" content=\"Dur\u00e9e de lecture estim\u00e9e\" \/>\n\t<meta name=\"twitter:data1\" content=\"2 minutes\" \/>\n<script type=\"application\/ld+json\" class=\"yoast-schema-graph\">{\"@context\":\"https:\\\/\\\/schema.org\",\"@graph\":[{\"@type\":\"WebPage\",\"@id\":\"https:\\\/\\\/biennalxmiserachs.org\\\/fr\\\/qui-sommes-nous\\\/\",\"url\":\"https:\\\/\\\/biennalxmiserachs.org\\\/fr\\\/qui-sommes-nous\\\/\",\"name\":\"Qui sommes-nous - Biennal de Fotografia Xavier Miserachs\",\"isPartOf\":{\"@id\":\"https:\\\/\\\/biennalxmiserachs.org\\\/#website\"},\"primaryImageOfPage\":{\"@id\":\"https:\\\/\\\/biennalxmiserachs.org\\\/fr\\\/qui-sommes-nous\\\/#primaryimage\"},\"image\":{\"@id\":\"https:\\\/\\\/biennalxmiserachs.org\\\/fr\\\/qui-sommes-nous\\\/#primaryimage\"},\"thumbnailUrl\":\"https:\\\/\\\/biennalxmiserachs.org\\\/wp-content\\\/uploads\\\/2025\\\/07\\\/xavier-miserachs.jpg\",\"datePublished\":\"2025-09-01T21:38:21+00:00\",\"dateModified\":\"2025-10-22T12:05:46+00:00\",\"breadcrumb\":{\"@id\":\"https:\\\/\\\/biennalxmiserachs.org\\\/fr\\\/qui-sommes-nous\\\/#breadcrumb\"},\"inLanguage\":\"fr-FR\",\"potentialAction\":[{\"@type\":\"ReadAction\",\"target\":[\"https:\\\/\\\/biennalxmiserachs.org\\\/fr\\\/qui-sommes-nous\\\/\"]}]},{\"@type\":\"ImageObject\",\"inLanguage\":\"fr-FR\",\"@id\":\"https:\\\/\\\/biennalxmiserachs.org\\\/fr\\\/qui-sommes-nous\\\/#primaryimage\",\"url\":\"https:\\\/\\\/biennalxmiserachs.org\\\/wp-content\\\/uploads\\\/2025\\\/07\\\/xavier-miserachs.jpg\",\"contentUrl\":\"https:\\\/\\\/biennalxmiserachs.org\\\/wp-content\\\/uploads\\\/2025\\\/07\\\/xavier-miserachs.jpg\"},{\"@type\":\"BreadcrumbList\",\"@id\":\"https:\\\/\\\/biennalxmiserachs.org\\\/fr\\\/qui-sommes-nous\\\/#breadcrumb\",\"itemListElement\":[{\"@type\":\"ListItem\",\"position\":1,\"name\":\"Inici\",\"item\":\"https:\\\/\\\/biennalxmiserachs.org\\\/fr\\\/accueil\\\/\"},{\"@type\":\"ListItem\",\"position\":2,\"name\":\"Qui sommes-nous\"}]},{\"@type\":\"WebSite\",\"@id\":\"https:\\\/\\\/biennalxmiserachs.org\\\/#website\",\"url\":\"https:\\\/\\\/biennalxmiserachs.org\\\/\",\"name\":\"Biennal de Fotografia Xavier Miserachs\",\"description\":\"\",\"publisher\":{\"@id\":\"https:\\\/\\\/biennalxmiserachs.org\\\/#organization\"},\"potentialAction\":[{\"@type\":\"SearchAction\",\"target\":{\"@type\":\"EntryPoint\",\"urlTemplate\":\"https:\\\/\\\/biennalxmiserachs.org\\\/?s={search_term_string}\"},\"query-input\":{\"@type\":\"PropertyValueSpecification\",\"valueRequired\":true,\"valueName\":\"search_term_string\"}}],\"inLanguage\":\"fr-FR\"},{\"@type\":\"Organization\",\"@id\":\"https:\\\/\\\/biennalxmiserachs.org\\\/#organization\",\"name\":\"Biennal de Fotografia Xavier Miserachs\",\"url\":\"https:\\\/\\\/biennalxmiserachs.org\\\/\",\"logo\":{\"@type\":\"ImageObject\",\"inLanguage\":\"fr-FR\",\"@id\":\"https:\\\/\\\/biennalxmiserachs.org\\\/#\\\/schema\\\/logo\\\/image\\\/\",\"url\":\"https:\\\/\\\/biennalxmiserachs.org\\\/wp-content\\\/uploads\\\/2025\\\/04\\\/cropped-logo-biennal-xavier-miserachs.png\",\"contentUrl\":\"https:\\\/\\\/biennalxmiserachs.org\\\/wp-content\\\/uploads\\\/2025\\\/04\\\/cropped-logo-biennal-xavier-miserachs.png\",\"width\":500,\"height\":425,\"caption\":\"Biennal de Fotografia Xavier Miserachs\"},\"image\":{\"@id\":\"https:\\\/\\\/biennalxmiserachs.org\\\/#\\\/schema\\\/logo\\\/image\\\/\"},\"sameAs\":[\"https:\\\/\\\/www.facebook.com\\\/biennalfotografiaxaviermiserachs\\\/\",\"https:\\\/\\\/www.instagram.com\\\/biennalxmiserachs\\\/\"]}]}<\/script>\n<!-- \/ Yoast SEO plugin. -->","yoast_head_json":{"title":"Qui sommes-nous - Biennal de Fotografia Xavier Miserachs","robots":{"index":"index","follow":"follow","max-snippet":"max-snippet:-1","max-image-preview":"max-image-preview:large","max-video-preview":"max-video-preview:-1"},"canonical":"https:\/\/biennalxmiserachs.org\/fr\/qui-sommes-nous\/","og_locale":"fr_FR","og_type":"article","og_title":"Qui sommes-nous - Biennal de Fotografia Xavier Miserachs","og_description":"Biennal de Fotografia Xavier Miserachs Le 14 ao\u00fbt 1998, le c\u00e9l\u00e8bre photographe Xavier Miserachs d\u00e9c\u00e8de pr\u00e9matur\u00e9ment. \u00c9troitement li\u00e9 \u00e0 l\u2019Empord\u00e0 depuis les ann\u00e9es 1960, lorsqu\u2019il r\u00e9alisa plusieurs reportages sur un tourisme, alors naissant, qui finirait par transformer la soci\u00e9t\u00e9 et le paysage de la zone, Xavier Miserachs (Barcelone, 1937-1998) tissa un lien avec notre r\u00e9gion [&hellip;]","og_url":"https:\/\/biennalxmiserachs.org\/fr\/qui-sommes-nous\/","og_site_name":"Biennal de Fotografia Xavier Miserachs","article_publisher":"https:\/\/www.facebook.com\/biennalfotografiaxaviermiserachs\/","article_modified_time":"2025-10-22T12:05:46+00:00","og_image":[{"width":500,"height":727,"url":"https:\/\/biennalxmiserachs.org\/wp-content\/uploads\/2025\/07\/xavier-miserachs.jpg","type":"image\/jpeg"}],"twitter_card":"summary_large_image","twitter_misc":{"Dur\u00e9e de lecture estim\u00e9e":"2 minutes"},"schema":{"@context":"https:\/\/schema.org","@graph":[{"@type":"WebPage","@id":"https:\/\/biennalxmiserachs.org\/fr\/qui-sommes-nous\/","url":"https:\/\/biennalxmiserachs.org\/fr\/qui-sommes-nous\/","name":"Qui sommes-nous - Biennal de Fotografia Xavier Miserachs","isPartOf":{"@id":"https:\/\/biennalxmiserachs.org\/#website"},"primaryImageOfPage":{"@id":"https:\/\/biennalxmiserachs.org\/fr\/qui-sommes-nous\/#primaryimage"},"image":{"@id":"https:\/\/biennalxmiserachs.org\/fr\/qui-sommes-nous\/#primaryimage"},"thumbnailUrl":"https:\/\/biennalxmiserachs.org\/wp-content\/uploads\/2025\/07\/xavier-miserachs.jpg","datePublished":"2025-09-01T21:38:21+00:00","dateModified":"2025-10-22T12:05:46+00:00","breadcrumb":{"@id":"https:\/\/biennalxmiserachs.org\/fr\/qui-sommes-nous\/#breadcrumb"},"inLanguage":"fr-FR","potentialAction":[{"@type":"ReadAction","target":["https:\/\/biennalxmiserachs.org\/fr\/qui-sommes-nous\/"]}]},{"@type":"ImageObject","inLanguage":"fr-FR","@id":"https:\/\/biennalxmiserachs.org\/fr\/qui-sommes-nous\/#primaryimage","url":"https:\/\/biennalxmiserachs.org\/wp-content\/uploads\/2025\/07\/xavier-miserachs.jpg","contentUrl":"https:\/\/biennalxmiserachs.org\/wp-content\/uploads\/2025\/07\/xavier-miserachs.jpg"},{"@type":"BreadcrumbList","@id":"https:\/\/biennalxmiserachs.org\/fr\/qui-sommes-nous\/#breadcrumb","itemListElement":[{"@type":"ListItem","position":1,"name":"Inici","item":"https:\/\/biennalxmiserachs.org\/fr\/accueil\/"},{"@type":"ListItem","position":2,"name":"Qui sommes-nous"}]},{"@type":"WebSite","@id":"https:\/\/biennalxmiserachs.org\/#website","url":"https:\/\/biennalxmiserachs.org\/","name":"Biennal de Fotografia Xavier Miserachs","description":"","publisher":{"@id":"https:\/\/biennalxmiserachs.org\/#organization"},"potentialAction":[{"@type":"SearchAction","target":{"@type":"EntryPoint","urlTemplate":"https:\/\/biennalxmiserachs.org\/?s={search_term_string}"},"query-input":{"@type":"PropertyValueSpecification","valueRequired":true,"valueName":"search_term_string"}}],"inLanguage":"fr-FR"},{"@type":"Organization","@id":"https:\/\/biennalxmiserachs.org\/#organization","name":"Biennal de Fotografia Xavier Miserachs","url":"https:\/\/biennalxmiserachs.org\/","logo":{"@type":"ImageObject","inLanguage":"fr-FR","@id":"https:\/\/biennalxmiserachs.org\/#\/schema\/logo\/image\/","url":"https:\/\/biennalxmiserachs.org\/wp-content\/uploads\/2025\/04\/cropped-logo-biennal-xavier-miserachs.png","contentUrl":"https:\/\/biennalxmiserachs.org\/wp-content\/uploads\/2025\/04\/cropped-logo-biennal-xavier-miserachs.png","width":500,"height":425,"caption":"Biennal de Fotografia Xavier Miserachs"},"image":{"@id":"https:\/\/biennalxmiserachs.org\/#\/schema\/logo\/image\/"},"sameAs":["https:\/\/www.facebook.com\/biennalfotografiaxaviermiserachs\/","https:\/\/www.instagram.com\/biennalxmiserachs\/"]}]}},"_links":{"self":[{"href":"https:\/\/biennalxmiserachs.org\/fr\/wp-json\/wp\/v2\/pages\/4406","targetHints":{"allow":["GET"]}}],"collection":[{"href":"https:\/\/biennalxmiserachs.org\/fr\/wp-json\/wp\/v2\/pages"}],"about":[{"href":"https:\/\/biennalxmiserachs.org\/fr\/wp-json\/wp\/v2\/types\/page"}],"author":[{"embeddable":true,"href":"https:\/\/biennalxmiserachs.org\/fr\/wp-json\/wp\/v2\/users\/1"}],"replies":[{"embeddable":true,"href":"https:\/\/biennalxmiserachs.org\/fr\/wp-json\/wp\/v2\/comments?post=4406"}],"version-history":[{"count":3,"href":"https:\/\/biennalxmiserachs.org\/fr\/wp-json\/wp\/v2\/pages\/4406\/revisions"}],"predecessor-version":[{"id":4409,"href":"https:\/\/biennalxmiserachs.org\/fr\/wp-json\/wp\/v2\/pages\/4406\/revisions\/4409"}],"wp:attachment":[{"href":"https:\/\/biennalxmiserachs.org\/fr\/wp-json\/wp\/v2\/media?parent=4406"}],"curies":[{"name":"wp","href":"https:\/\/api.w.org\/{rel}","templated":true}]}}